{"id":9388,"date":"2023-10-02T15:15:07","date_gmt":"2023-10-02T15:15:07","guid":{"rendered":"https:\/\/www.amparocalandinpsicologos.es\/tienda\/?post_type=product&#038;p=9388"},"modified":"2024-09-14T12:41:34","modified_gmt":"2024-09-14T12:41:34","slug":"diario-de-aula-el-diario-de-valientes","status":"publish","type":"product","link":"https:\/\/www.amparocalandinpsicologos.es\/tienda\/producto\/diario-de-aula-el-diario-de-valientes\/","title":{"rendered":"Diario de aula &#8211; El diario de valientes"},"content":{"rendered":"<p>Consta de 30 actividades grupales donde tus alumnos trabajar\u00e1n la expresi\u00f3n de sus emociones y el reconocimiento de las de los dem\u00e1s, la empat\u00eda, la escucha activa, la gesti\u00f3n del enfado, la tolerancia a la frustraci\u00f3n y algunas t\u00e9cnicas de relajaci\u00f3n entre otras muchas fortalezas y valores\u00a0personales.<\/p>\n<p>Diario de aula 29,7 x 42 cm. Formato A3. Papel offset 100gr en interiores. Encuadernaci\u00f3n en color blanco. Portada plastificada 150gr grosor.<\/p>\n","protected":false},"excerpt":{"rendered":"<p>\u00bfQuieres que tu aula sea la m\u00e1s fuerte emocionalmente? Si la respuesta es S\u00cd estas en el sitio correcto viendo la herramienta perfecta. El diario de Valientes es un bloc lleno de din\u00e1micas de grupo para trabajar con tus alumnos la inteligencia emocional. Actividades vivenciales, divertidas y que mejorar\u00e1n el ambiente de compa\u00f1erismo\u00a0de\u00a0tu\u00a0aula.<\/p>\n","protected":false},"featured_media":9407,"comment_status":"open","ping_status":"closed","template":"","meta":[],"product_cat":[93],"product_tag":[],"class_list":["post-9388","product","type-product","status-publish","has-post-thumbnail","product_cat-recursos-educativos","first","instock","taxable","shipping-taxable","purchasable","product-type-simple"],"yoast_head":"<!-- This site is optimized with the Yoast SEO plugin v23.1 - https:\/\/yoast.com\/wordpress\/plugins\/seo\/ -->\n<title>Diario de aula - El diario de valientes - Tienda Amparo Caland\u00edn<\/title>\n<meta name=\"robots\" content=\"index, follow, max-snippet:-1, max-image-preview:large, max-video-preview:-1\" \/>\n<link rel=\"canonical\" href=\"https:\/\/www.amparocalandinpsicologos.es\/tienda\/producto\/diario-de-aula-el-diario-de-valientes\/\" \/>\n<meta property=\"og:locale\" content=\"es_ES\" \/>\n<meta property=\"og:type\" content=\"article\" \/>\n<meta property=\"og:title\" content=\"Diario de aula - El diario de valientes - Tienda Amparo Caland\u00edn\" \/>\n<meta property=\"og:description\" content=\"\u00bfQuieres que tu aula sea la m\u00e1s fuerte emocionalmente? Si la respuesta es S\u00cd estas en el sitio correcto viendo la herramienta perfecta. El diario de Valientes es un bloc lleno de din\u00e1micas de grupo para trabajar con tus alumnos la inteligencia emocional. Actividades vivenciales, divertidas y que mejorar\u00e1n el ambiente de compa\u00f1erismo\u00a0de\u00a0tu\u00a0aula.\" \/>\n<meta property=\"og:url\" content=\"https:\/\/www.amparocalandinpsicologos.es\/tienda\/producto\/diario-de-aula-el-diario-de-valientes\/\" \/>\n<meta property=\"og:site_name\" content=\"Tienda Amparo Caland\u00edn\" \/>\n<meta property=\"article:publisher\" content=\"https:\/\/www.facebook.com\/PsicoAcalan\/\" \/>\n<meta property=\"article:modified_time\" content=\"2024-09-14T12:41:34+00:00\" \/>\n<meta property=\"og:image\" content=\"https:\/\/www.amparocalandinpsicologos.es\/tienda\/wp-content\/uploads\/2023\/10\/diario-de-aula-el-diario-de-valientes2.jpg\" \/>\n\t<meta property=\"og:image:width\" content=\"700\" \/>\n\t<meta property=\"og:image:height\" content=\"800\" \/>\n\t<meta property=\"og:image:type\" content=\"image\/jpeg\" \/>\n<meta name=\"twitter:card\" content=\"summary_large_image\" \/>\n<meta name=\"twitter:site\" content=\"@acpsicologos\" \/>\n<meta name=\"twitter:label1\" content=\"Tiempo de lectura\" \/>\n\t<meta name=\"twitter:data1\" content=\"1 minuto\" \/>\n<script type=\"application\/ld+json\" class=\"yoast-schema-graph\">{\"@context\":\"https:\/\/schema.org\",\"@graph\":[{\"@type\":\"WebPage\",\"@id\":\"https:\/\/www.amparocalandinpsicologos.es\/tienda\/producto\/diario-de-aula-el-diario-de-valientes\/\",\"url\":\"https:\/\/www.amparocalandinpsicologos.es\/tienda\/producto\/diario-de-aula-el-diario-de-valientes\/\",\"name\":\"Diario de aula - El diario de valientes - Tienda Amparo Caland\u00edn\",\"isPartOf\":{\"@id\":\"https:\/\/www.amparocalandinpsicologos.es\/tienda\/#website\"},\"primaryImageOfPage\":{\"@id\":\"https:\/\/www.amparocalandinpsicologos.es\/tienda\/producto\/diario-de-aula-el-diario-de-valientes\/#primaryimage\"},\"image\":{\"@id\":\"https:\/\/www.amparocalandinpsicologos.es\/tienda\/producto\/diario-de-aula-el-diario-de-valientes\/#primaryimage\"},\"thumbnailUrl\":\"https:\/\/www.amparocalandinpsicologos.es\/tienda\/wp-content\/uploads\/2023\/10\/diario-de-aula-el-diario-de-valientes2.jpg\",\"datePublished\":\"2023-10-02T15:15:07+00:00\",\"dateModified\":\"2024-09-14T12:41:34+00:00\",\"breadcrumb\":{\"@id\":\"https:\/\/www.amparocalandinpsicologos.es\/tienda\/producto\/diario-de-aula-el-diario-de-valientes\/#breadcrumb\"},\"inLanguage\":\"es\",\"potentialAction\":[{\"@type\":\"ReadAction\",\"target\":[\"https:\/\/www.amparocalandinpsicologos.es\/tienda\/producto\/diario-de-aula-el-diario-de-valientes\/\"]}]},{\"@type\":\"ImageObject\",\"inLanguage\":\"es\",\"@id\":\"https:\/\/www.amparocalandinpsicologos.es\/tienda\/producto\/diario-de-aula-el-diario-de-valientes\/#primaryimage\",\"url\":\"https:\/\/www.amparocalandinpsicologos.es\/tienda\/wp-content\/uploads\/2023\/10\/diario-de-aula-el-diario-de-valientes2.jpg\",\"contentUrl\":\"https:\/\/www.amparocalandinpsicologos.es\/tienda\/wp-content\/uploads\/2023\/10\/diario-de-aula-el-diario-de-valientes2.jpg\",\"width\":700,\"height\":800},{\"@type\":\"BreadcrumbList\",\"@id\":\"https:\/\/www.amparocalandinpsicologos.es\/tienda\/producto\/diario-de-aula-el-diario-de-valientes\/#breadcrumb\",\"itemListElement\":[{\"@type\":\"ListItem\",\"position\":1,\"name\":\"Portada\",\"item\":\"https:\/\/www.amparocalandinpsicologos.es\/tienda\/\"},{\"@type\":\"ListItem\",\"position\":2,\"name\":\"Tu tienda de bienestar emocional y crecimiento personal\",\"item\":\"https:\/\/www.amparocalandinpsicologos.es\/tienda\/tienda\/\"},{\"@type\":\"ListItem\",\"position\":3,\"name\":\"Diario de aula &#8211; El diario de valientes\"}]},{\"@type\":\"WebSite\",\"@id\":\"https:\/\/www.amparocalandinpsicologos.es\/tienda\/#website\",\"url\":\"https:\/\/www.amparocalandinpsicologos.es\/tienda\/\",\"name\":\"Tu tienda de bienestar emocional y crecimiento personal\",\"description\":\"\",\"publisher\":{\"@id\":\"https:\/\/www.amparocalandinpsicologos.es\/tienda\/#organization\"},\"potentialAction\":[{\"@type\":\"SearchAction\",\"target\":{\"@type\":\"EntryPoint\",\"urlTemplate\":\"https:\/\/www.amparocalandinpsicologos.es\/tienda\/?s={search_term_string}\"},\"query-input\":\"required name=search_term_string\"}],\"inLanguage\":\"es\"},{\"@type\":\"Organization\",\"@id\":\"https:\/\/www.amparocalandinpsicologos.es\/tienda\/#organization\",\"name\":\"Amparo Caland\u00edn Psic\u00f3logos\",\"url\":\"https:\/\/www.amparocalandinpsicologos.es\/tienda\/\",\"logo\":{\"@type\":\"ImageObject\",\"inLanguage\":\"es\",\"@id\":\"https:\/\/www.amparocalandinpsicologos.es\/tienda\/#\/schema\/logo\/image\/\",\"url\":\"https:\/\/www.amparocalandinpsicologos.es\/tienda\/wp-content\/uploads\/2022\/12\/logo_nombre-300x61-1.png\",\"contentUrl\":\"https:\/\/www.amparocalandinpsicologos.es\/tienda\/wp-content\/uploads\/2022\/12\/logo_nombre-300x61-1.png\",\"width\":300,\"height\":61,\"caption\":\"Amparo Caland\u00edn Psic\u00f3logos\"},\"image\":{\"@id\":\"https:\/\/www.amparocalandinpsicologos.es\/tienda\/#\/schema\/logo\/image\/\"},\"sameAs\":[\"https:\/\/www.facebook.com\/PsicoAcalan\/\",\"https:\/\/x.com\/acpsicologos\",\"https:\/\/www.instagram.com\/acpsicologos\/\",\"https:\/\/www.youtube.com\/channel\/UCRUBnymTympYOXYNjzMkGOg\"]}]}<\/script>\n<!-- \/ Yoast SEO plugin. -->","yoast_head_json":{"title":"Diario de aula - El diario de valientes - Tienda Amparo Caland\u00edn","robots":{"index":"index","follow":"follow","max-snippet":"max-snippet:-1","max-image-preview":"max-image-preview:large","max-video-preview":"max-video-preview:-1"},"canonical":"https:\/\/www.amparocalandinpsicologos.es\/tienda\/producto\/diario-de-aula-el-diario-de-valientes\/","og_locale":"es_ES","og_type":"article","og_title":"Diario de aula - El diario de valientes - Tienda Amparo Caland\u00edn","og_description":"\u00bfQuieres que tu aula sea la m\u00e1s fuerte emocionalmente? Si la respuesta es S\u00cd estas en el sitio correcto viendo la herramienta perfecta. El diario de Valientes es un bloc lleno de din\u00e1micas de grupo para trabajar con tus alumnos la inteligencia emocional. Actividades vivenciales, divertidas y que mejorar\u00e1n el ambiente de compa\u00f1erismo\u00a0de\u00a0tu\u00a0aula.","og_url":"https:\/\/www.amparocalandinpsicologos.es\/tienda\/producto\/diario-de-aula-el-diario-de-valientes\/","og_site_name":"Tienda Amparo Caland\u00edn","article_publisher":"https:\/\/www.facebook.com\/PsicoAcalan\/","article_modified_time":"2024-09-14T12:41:34+00:00","og_image":[{"width":700,"height":800,"url":"https:\/\/www.amparocalandinpsicologos.es\/tienda\/wp-content\/uploads\/2023\/10\/diario-de-aula-el-diario-de-valientes2.jpg","type":"image\/jpeg"}],"twitter_card":"summary_large_image","twitter_site":"@acpsicologos","twitter_misc":{"Tiempo de lectura":"1 minuto"},"schema":{"@context":"https:\/\/schema.org","@graph":[{"@type":"WebPage","@id":"https:\/\/www.amparocalandinpsicologos.es\/tienda\/producto\/diario-de-aula-el-diario-de-valientes\/","url":"https:\/\/www.amparocalandinpsicologos.es\/tienda\/producto\/diario-de-aula-el-diario-de-valientes\/","name":"Diario de aula - El diario de valientes - Tienda Amparo Caland\u00edn","isPartOf":{"@id":"https:\/\/www.amparocalandinpsicologos.es\/tienda\/#website"},"primaryImageOfPage":{"@id":"https:\/\/www.amparocalandinpsicologos.es\/tienda\/producto\/diario-de-aula-el-diario-de-valientes\/#primaryimage"},"image":{"@id":"https:\/\/www.amparocalandinpsicologos.es\/tienda\/producto\/diario-de-aula-el-diario-de-valientes\/#primaryimage"},"thumbnailUrl":"https:\/\/www.amparocalandinpsicologos.es\/tienda\/wp-content\/uploads\/2023\/10\/diario-de-aula-el-diario-de-valientes2.jpg","datePublished":"2023-10-02T15:15:07+00:00","dateModified":"2024-09-14T12:41:34+00:00","breadcrumb":{"@id":"https:\/\/www.amparocalandinpsicologos.es\/tienda\/producto\/diario-de-aula-el-diario-de-valientes\/#breadcrumb"},"inLanguage":"es","potentialAction":[{"@type":"ReadAction","target":["https:\/\/www.amparocalandinpsicologos.es\/tienda\/producto\/diario-de-aula-el-diario-de-valientes\/"]}]},{"@type":"ImageObject","inLanguage":"es","@id":"https:\/\/www.amparocalandinpsicologos.es\/tienda\/producto\/diario-de-aula-el-diario-de-valientes\/#primaryimage","url":"https:\/\/www.amparocalandinpsicologos.es\/tienda\/wp-content\/uploads\/2023\/10\/diario-de-aula-el-diario-de-valientes2.jpg","contentUrl":"https:\/\/www.amparocalandinpsicologos.es\/tienda\/wp-content\/uploads\/2023\/10\/diario-de-aula-el-diario-de-valientes2.jpg","width":700,"height":800},{"@type":"BreadcrumbList","@id":"https:\/\/www.amparocalandinpsicologos.es\/tienda\/producto\/diario-de-aula-el-diario-de-valientes\/#breadcrumb","itemListElement":[{"@type":"ListItem","position":1,"name":"Portada","item":"https:\/\/www.amparocalandinpsicologos.es\/tienda\/"},{"@type":"ListItem","position":2,"name":"Tu tienda de bienestar emocional y crecimiento personal","item":"https:\/\/www.amparocalandinpsicologos.es\/tienda\/tienda\/"},{"@type":"ListItem","position":3,"name":"Diario de aula &#8211; El diario de valientes"}]},{"@type":"WebSite","@id":"https:\/\/www.amparocalandinpsicologos.es\/tienda\/#website","url":"https:\/\/www.amparocalandinpsicologos.es\/tienda\/","name":"Tu tienda de bienestar emocional y crecimiento personal","description":"","publisher":{"@id":"https:\/\/www.amparocalandinpsicologos.es\/tienda\/#organization"},"potentialAction":[{"@type":"SearchAction","target":{"@type":"EntryPoint","urlTemplate":"https:\/\/www.amparocalandinpsicologos.es\/tienda\/?s={search_term_string}"},"query-input":"required name=search_term_string"}],"inLanguage":"es"},{"@type":"Organization","@id":"https:\/\/www.amparocalandinpsicologos.es\/tienda\/#organization","name":"Amparo Caland\u00edn Psic\u00f3logos","url":"https:\/\/www.amparocalandinpsicologos.es\/tienda\/","logo":{"@type":"ImageObject","inLanguage":"es","@id":"https:\/\/www.amparocalandinpsicologos.es\/tienda\/#\/schema\/logo\/image\/","url":"https:\/\/www.amparocalandinpsicologos.es\/tienda\/wp-content\/uploads\/2022\/12\/logo_nombre-300x61-1.png","contentUrl":"https:\/\/www.amparocalandinpsicologos.es\/tienda\/wp-content\/uploads\/2022\/12\/logo_nombre-300x61-1.png","width":300,"height":61,"caption":"Amparo Caland\u00edn Psic\u00f3logos"},"image":{"@id":"https:\/\/www.amparocalandinpsicologos.es\/tienda\/#\/schema\/logo\/image\/"},"sameAs":["https:\/\/www.facebook.com\/PsicoAcalan\/","https:\/\/x.com\/acpsicologos","https:\/\/www.instagram.com\/acpsicologos\/","https:\/\/www.youtube.com\/channel\/UCRUBnymTympYOXYNjzMkGOg"]}]}},"_links":{"self":[{"href":"https:\/\/www.amparocalandinpsicologos.es\/tienda\/wp-json\/wp\/v2\/product\/9388","targetHints":{"allow":["GET"]}}],"collection":[{"href":"https:\/\/www.amparocalandinpsicologos.es\/tienda\/wp-json\/wp\/v2\/product"}],"about":[{"href":"https:\/\/www.amparocalandinpsicologos.es\/tienda\/wp-json\/wp\/v2\/types\/product"}],"replies":[{"embeddable":true,"href":"https:\/\/www.amparocalandinpsicologos.es\/tienda\/wp-json\/wp\/v2\/comments?post=9388"}],"version-history":[{"count":3,"href":"https:\/\/www.amparocalandinpsicologos.es\/tienda\/wp-json\/wp\/v2\/product\/9388\/revisions"}],"predecessor-version":[{"id":9398,"href":"https:\/\/www.amparocalandinpsicologos.es\/tienda\/wp-json\/wp\/v2\/product\/9388\/revisions\/9398"}],"wp:featuredmedia":[{"embeddable":true,"href":"https:\/\/www.amparocalandinpsicologos.es\/tienda\/wp-json\/wp\/v2\/media\/9407"}],"wp:attachment":[{"href":"https:\/\/www.amparocalandinpsicologos.es\/tienda\/wp-json\/wp\/v2\/media?parent=9388"}],"wp:term":[{"taxonomy":"product_cat","embeddable":true,"href":"https:\/\/www.amparocalandinpsicologos.es\/tienda\/wp-json\/wp\/v2\/product_cat?post=9388"},{"taxonomy":"product_tag","embeddable":true,"href":"https:\/\/www.amparocalandinpsicologos.es\/tienda\/wp-json\/wp\/v2\/product_tag?post=9388"}],"curies":[{"name":"wp","href":"https:\/\/api.w.org\/{rel}","templated":true}]}}