{"id":9387,"date":"2023-10-02T15:13:49","date_gmt":"2023-10-02T15:13:49","guid":{"rendered":"https:\/\/www.amparocalandinpsicologos.es\/tienda\/?post_type=product&#038;p=9387"},"modified":"2023-10-29T11:29:09","modified_gmt":"2023-10-29T11:29:09","slug":"diario-de-alumno-el-diario-de-valientes","status":"publish","type":"product","link":"https:\/\/www.amparocalandinpsicologos.es\/tienda\/producto\/diario-de-alumno-el-diario-de-valientes\/","title":{"rendered":"Diario de alumno &#8211; El diario de valientes"},"content":{"rendered":"<p>Es una libreta en las que se encuentran las 30 actividades del aula ajustadas al trabajo individual donde tus alumnos seguir\u00e1n trabajando la expresi\u00f3n de sus emociones y el reconocimiento de las de los dem\u00e1s, la empat\u00eda, la escucha activa, la gesti\u00f3n del enfado, la tolerancia a la frustraci\u00f3n y algunas t\u00e9cnicas de relajaci\u00f3n entre otras muchas fortalezas y valores\u00a0personales. Adem\u00e1s de poner, ense\u00f1ar a los padres\/madres lo trabajado en clase para as\u00ed poder continuar trabajando\u00a0en\u00a0casa<\/p>\n<p>14,8 x 21 cm. Formato A5. Papel offset 100gr en interiores. Encuadernaci\u00f3n en color blanco. Portada plastificada 150gr grosor.<\/p>\n","protected":false},"excerpt":{"rendered":"<p>Cuaderno del alumno. Este es el aliado perfecto para trabajar en el aula el diario de valientes. Este es el cuadernillo de los alumnos donde podr\u00e1n registrar la actividad realizada en el aula de manera individual y podr\u00e1n seguir reflexionando y trabajando\u00a0sobre\u00a0ella<\/p>\n","protected":false},"featured_media":9408,"comment_status":"open","ping_status":"closed","template":"","meta":[],"product_cat":[93],"product_tag":[],"class_list":["post-9387","product","type-product","status-publish","has-post-thumbnail","product_cat-recursos-educativos","first","instock","taxable","shipping-taxable","purchasable","product-type-simple"],"yoast_head":"<!-- This site is optimized with the Yoast SEO plugin v23.1 - https:\/\/yoast.com\/wordpress\/plugins\/seo\/ -->\n<title>Diario de alumno - El diario de valientes - Tienda Amparo Caland\u00edn<\/title>\n<meta name=\"robots\" content=\"index, follow, max-snippet:-1, max-image-preview:large, max-video-preview:-1\" \/>\n<link rel=\"canonical\" href=\"https:\/\/www.amparocalandinpsicologos.es\/tienda\/producto\/diario-de-alumno-el-diario-de-valientes\/\" \/>\n<meta property=\"og:locale\" content=\"es_ES\" \/>\n<meta property=\"og:type\" content=\"article\" \/>\n<meta property=\"og:title\" content=\"Diario de alumno - El diario de valientes - Tienda Amparo Caland\u00edn\" \/>\n<meta property=\"og:description\" content=\"Cuaderno del alumno. Este es el aliado perfecto para trabajar en el aula el diario de valientes. Este es el cuadernillo de los alumnos donde podr\u00e1n registrar la actividad realizada en el aula de manera individual y podr\u00e1n seguir reflexionando y trabajando\u00a0sobre\u00a0ella\" \/>\n<meta property=\"og:url\" content=\"https:\/\/www.amparocalandinpsicologos.es\/tienda\/producto\/diario-de-alumno-el-diario-de-valientes\/\" \/>\n<meta property=\"og:site_name\" content=\"Tienda Amparo Caland\u00edn\" \/>\n<meta property=\"article:publisher\" content=\"https:\/\/www.facebook.com\/PsicoAcalan\/\" \/>\n<meta property=\"article:modified_time\" content=\"2023-10-29T11:29:09+00:00\" \/>\n<meta property=\"og:image\" content=\"https:\/\/www.amparocalandinpsicologos.es\/tienda\/wp-content\/uploads\/2023\/10\/Diario-de-aula-El-diario-de-valientes.jpg\" \/>\n\t<meta property=\"og:image:width\" content=\"700\" \/>\n\t<meta property=\"og:image:height\" content=\"800\" \/>\n\t<meta property=\"og:image:type\" content=\"image\/jpeg\" \/>\n<meta name=\"twitter:card\" content=\"summary_large_image\" \/>\n<meta name=\"twitter:site\" content=\"@acpsicologos\" \/>\n<meta name=\"twitter:label1\" content=\"Tiempo de lectura\" \/>\n\t<meta name=\"twitter:data1\" content=\"1 minuto\" \/>\n<script type=\"application\/ld+json\" class=\"yoast-schema-graph\">{\"@context\":\"https:\/\/schema.org\",\"@graph\":[{\"@type\":\"WebPage\",\"@id\":\"https:\/\/www.amparocalandinpsicologos.es\/tienda\/producto\/diario-de-alumno-el-diario-de-valientes\/\",\"url\":\"https:\/\/www.amparocalandinpsicologos.es\/tienda\/producto\/diario-de-alumno-el-diario-de-valientes\/\",\"name\":\"Diario de alumno - El diario de valientes - Tienda Amparo Caland\u00edn\",\"isPartOf\":{\"@id\":\"https:\/\/www.amparocalandinpsicologos.es\/tienda\/#website\"},\"primaryImageOfPage\":{\"@id\":\"https:\/\/www.amparocalandinpsicologos.es\/tienda\/producto\/diario-de-alumno-el-diario-de-valientes\/#primaryimage\"},\"image\":{\"@id\":\"https:\/\/www.amparocalandinpsicologos.es\/tienda\/producto\/diario-de-alumno-el-diario-de-valientes\/#primaryimage\"},\"thumbnailUrl\":\"https:\/\/www.amparocalandinpsicologos.es\/tienda\/wp-content\/uploads\/2023\/10\/Diario-de-aula-El-diario-de-valientes.jpg\",\"datePublished\":\"2023-10-02T15:13:49+00:00\",\"dateModified\":\"2023-10-29T11:29:09+00:00\",\"breadcrumb\":{\"@id\":\"https:\/\/www.amparocalandinpsicologos.es\/tienda\/producto\/diario-de-alumno-el-diario-de-valientes\/#breadcrumb\"},\"inLanguage\":\"es\",\"potentialAction\":[{\"@type\":\"ReadAction\",\"target\":[\"https:\/\/www.amparocalandinpsicologos.es\/tienda\/producto\/diario-de-alumno-el-diario-de-valientes\/\"]}]},{\"@type\":\"ImageObject\",\"inLanguage\":\"es\",\"@id\":\"https:\/\/www.amparocalandinpsicologos.es\/tienda\/producto\/diario-de-alumno-el-diario-de-valientes\/#primaryimage\",\"url\":\"https:\/\/www.amparocalandinpsicologos.es\/tienda\/wp-content\/uploads\/2023\/10\/Diario-de-aula-El-diario-de-valientes.jpg\",\"contentUrl\":\"https:\/\/www.amparocalandinpsicologos.es\/tienda\/wp-content\/uploads\/2023\/10\/Diario-de-aula-El-diario-de-valientes.jpg\",\"width\":700,\"height\":800},{\"@type\":\"BreadcrumbList\",\"@id\":\"https:\/\/www.amparocalandinpsicologos.es\/tienda\/producto\/diario-de-alumno-el-diario-de-valientes\/#breadcrumb\",\"itemListElement\":[{\"@type\":\"ListItem\",\"position\":1,\"name\":\"Portada\",\"item\":\"https:\/\/www.amparocalandinpsicologos.es\/tienda\/\"},{\"@type\":\"ListItem\",\"position\":2,\"name\":\"Tu tienda de bienestar emocional y crecimiento personal\",\"item\":\"https:\/\/www.amparocalandinpsicologos.es\/tienda\/tienda\/\"},{\"@type\":\"ListItem\",\"position\":3,\"name\":\"Diario de alumno &#8211; El diario de valientes\"}]},{\"@type\":\"WebSite\",\"@id\":\"https:\/\/www.amparocalandinpsicologos.es\/tienda\/#website\",\"url\":\"https:\/\/www.amparocalandinpsicologos.es\/tienda\/\",\"name\":\"Tu tienda de bienestar emocional y crecimiento personal\",\"description\":\"\",\"publisher\":{\"@id\":\"https:\/\/www.amparocalandinpsicologos.es\/tienda\/#organization\"},\"potentialAction\":[{\"@type\":\"SearchAction\",\"target\":{\"@type\":\"EntryPoint\",\"urlTemplate\":\"https:\/\/www.amparocalandinpsicologos.es\/tienda\/?s={search_term_string}\"},\"query-input\":\"required name=search_term_string\"}],\"inLanguage\":\"es\"},{\"@type\":\"Organization\",\"@id\":\"https:\/\/www.amparocalandinpsicologos.es\/tienda\/#organization\",\"name\":\"Amparo Caland\u00edn Psic\u00f3logos\",\"url\":\"https:\/\/www.amparocalandinpsicologos.es\/tienda\/\",\"logo\":{\"@type\":\"ImageObject\",\"inLanguage\":\"es\",\"@id\":\"https:\/\/www.amparocalandinpsicologos.es\/tienda\/#\/schema\/logo\/image\/\",\"url\":\"https:\/\/www.amparocalandinpsicologos.es\/tienda\/wp-content\/uploads\/2022\/12\/logo_nombre-300x61-1.png\",\"contentUrl\":\"https:\/\/www.amparocalandinpsicologos.es\/tienda\/wp-content\/uploads\/2022\/12\/logo_nombre-300x61-1.png\",\"width\":300,\"height\":61,\"caption\":\"Amparo Caland\u00edn Psic\u00f3logos\"},\"image\":{\"@id\":\"https:\/\/www.amparocalandinpsicologos.es\/tienda\/#\/schema\/logo\/image\/\"},\"sameAs\":[\"https:\/\/www.facebook.com\/PsicoAcalan\/\",\"https:\/\/x.com\/acpsicologos\",\"https:\/\/www.instagram.com\/acpsicologos\/\",\"https:\/\/www.youtube.com\/channel\/UCRUBnymTympYOXYNjzMkGOg\"]}]}<\/script>\n<!-- \/ Yoast SEO plugin. -->","yoast_head_json":{"title":"Diario de alumno - El diario de valientes - Tienda Amparo Caland\u00edn","robots":{"index":"index","follow":"follow","max-snippet":"max-snippet:-1","max-image-preview":"max-image-preview:large","max-video-preview":"max-video-preview:-1"},"canonical":"https:\/\/www.amparocalandinpsicologos.es\/tienda\/producto\/diario-de-alumno-el-diario-de-valientes\/","og_locale":"es_ES","og_type":"article","og_title":"Diario de alumno - El diario de valientes - Tienda Amparo Caland\u00edn","og_description":"Cuaderno del alumno. Este es el aliado perfecto para trabajar en el aula el diario de valientes. Este es el cuadernillo de los alumnos donde podr\u00e1n registrar la actividad realizada en el aula de manera individual y podr\u00e1n seguir reflexionando y trabajando\u00a0sobre\u00a0ella","og_url":"https:\/\/www.amparocalandinpsicologos.es\/tienda\/producto\/diario-de-alumno-el-diario-de-valientes\/","og_site_name":"Tienda Amparo Caland\u00edn","article_publisher":"https:\/\/www.facebook.com\/PsicoAcalan\/","article_modified_time":"2023-10-29T11:29:09+00:00","og_image":[{"width":700,"height":800,"url":"https:\/\/www.amparocalandinpsicologos.es\/tienda\/wp-content\/uploads\/2023\/10\/Diario-de-aula-El-diario-de-valientes.jpg","type":"image\/jpeg"}],"twitter_card":"summary_large_image","twitter_site":"@acpsicologos","twitter_misc":{"Tiempo de lectura":"1 minuto"},"schema":{"@context":"https:\/\/schema.org","@graph":[{"@type":"WebPage","@id":"https:\/\/www.amparocalandinpsicologos.es\/tienda\/producto\/diario-de-alumno-el-diario-de-valientes\/","url":"https:\/\/www.amparocalandinpsicologos.es\/tienda\/producto\/diario-de-alumno-el-diario-de-valientes\/","name":"Diario de alumno - El diario de valientes - Tienda Amparo Caland\u00edn","isPartOf":{"@id":"https:\/\/www.amparocalandinpsicologos.es\/tienda\/#website"},"primaryImageOfPage":{"@id":"https:\/\/www.amparocalandinpsicologos.es\/tienda\/producto\/diario-de-alumno-el-diario-de-valientes\/#primaryimage"},"image":{"@id":"https:\/\/www.amparocalandinpsicologos.es\/tienda\/producto\/diario-de-alumno-el-diario-de-valientes\/#primaryimage"},"thumbnailUrl":"https:\/\/www.amparocalandinpsicologos.es\/tienda\/wp-content\/uploads\/2023\/10\/Diario-de-aula-El-diario-de-valientes.jpg","datePublished":"2023-10-02T15:13:49+00:00","dateModified":"2023-10-29T11:29:09+00:00","breadcrumb":{"@id":"https:\/\/www.amparocalandinpsicologos.es\/tienda\/producto\/diario-de-alumno-el-diario-de-valientes\/#breadcrumb"},"inLanguage":"es","potentialAction":[{"@type":"ReadAction","target":["https:\/\/www.amparocalandinpsicologos.es\/tienda\/producto\/diario-de-alumno-el-diario-de-valientes\/"]}]},{"@type":"ImageObject","inLanguage":"es","@id":"https:\/\/www.amparocalandinpsicologos.es\/tienda\/producto\/diario-de-alumno-el-diario-de-valientes\/#primaryimage","url":"https:\/\/www.amparocalandinpsicologos.es\/tienda\/wp-content\/uploads\/2023\/10\/Diario-de-aula-El-diario-de-valientes.jpg","contentUrl":"https:\/\/www.amparocalandinpsicologos.es\/tienda\/wp-content\/uploads\/2023\/10\/Diario-de-aula-El-diario-de-valientes.jpg","width":700,"height":800},{"@type":"BreadcrumbList","@id":"https:\/\/www.amparocalandinpsicologos.es\/tienda\/producto\/diario-de-alumno-el-diario-de-valientes\/#breadcrumb","itemListElement":[{"@type":"ListItem","position":1,"name":"Portada","item":"https:\/\/www.amparocalandinpsicologos.es\/tienda\/"},{"@type":"ListItem","position":2,"name":"Tu tienda de bienestar emocional y crecimiento personal","item":"https:\/\/www.amparocalandinpsicologos.es\/tienda\/tienda\/"},{"@type":"ListItem","position":3,"name":"Diario de alumno &#8211; El diario de valientes"}]},{"@type":"WebSite","@id":"https:\/\/www.amparocalandinpsicologos.es\/tienda\/#website","url":"https:\/\/www.amparocalandinpsicologos.es\/tienda\/","name":"Tu tienda de bienestar emocional y crecimiento personal","description":"","publisher":{"@id":"https:\/\/www.amparocalandinpsicologos.es\/tienda\/#organization"},"potentialAction":[{"@type":"SearchAction","target":{"@type":"EntryPoint","urlTemplate":"https:\/\/www.amparocalandinpsicologos.es\/tienda\/?s={search_term_string}"},"query-input":"required name=search_term_string"}],"inLanguage":"es"},{"@type":"Organization","@id":"https:\/\/www.amparocalandinpsicologos.es\/tienda\/#organization","name":"Amparo Caland\u00edn Psic\u00f3logos","url":"https:\/\/www.amparocalandinpsicologos.es\/tienda\/","logo":{"@type":"ImageObject","inLanguage":"es","@id":"https:\/\/www.amparocalandinpsicologos.es\/tienda\/#\/schema\/logo\/image\/","url":"https:\/\/www.amparocalandinpsicologos.es\/tienda\/wp-content\/uploads\/2022\/12\/logo_nombre-300x61-1.png","contentUrl":"https:\/\/www.amparocalandinpsicologos.es\/tienda\/wp-content\/uploads\/2022\/12\/logo_nombre-300x61-1.png","width":300,"height":61,"caption":"Amparo Caland\u00edn Psic\u00f3logos"},"image":{"@id":"https:\/\/www.amparocalandinpsicologos.es\/tienda\/#\/schema\/logo\/image\/"},"sameAs":["https:\/\/www.facebook.com\/PsicoAcalan\/","https:\/\/x.com\/acpsicologos","https:\/\/www.instagram.com\/acpsicologos\/","https:\/\/www.youtube.com\/channel\/UCRUBnymTympYOXYNjzMkGOg"]}]}},"_links":{"self":[{"href":"https:\/\/www.amparocalandinpsicologos.es\/tienda\/wp-json\/wp\/v2\/product\/9387","targetHints":{"allow":["GET"]}}],"collection":[{"href":"https:\/\/www.amparocalandinpsicologos.es\/tienda\/wp-json\/wp\/v2\/product"}],"about":[{"href":"https:\/\/www.amparocalandinpsicologos.es\/tienda\/wp-json\/wp\/v2\/types\/product"}],"replies":[{"embeddable":true,"href":"https:\/\/www.amparocalandinpsicologos.es\/tienda\/wp-json\/wp\/v2\/comments?post=9387"}],"version-history":[{"count":4,"href":"https:\/\/www.amparocalandinpsicologos.es\/tienda\/wp-json\/wp\/v2\/product\/9387\/revisions"}],"predecessor-version":[{"id":9401,"href":"https:\/\/www.amparocalandinpsicologos.es\/tienda\/wp-json\/wp\/v2\/product\/9387\/revisions\/9401"}],"wp:featuredmedia":[{"embeddable":true,"href":"https:\/\/www.amparocalandinpsicologos.es\/tienda\/wp-json\/wp\/v2\/media\/9408"}],"wp:attachment":[{"href":"https:\/\/www.amparocalandinpsicologos.es\/tienda\/wp-json\/wp\/v2\/media?parent=9387"}],"wp:term":[{"taxonomy":"product_cat","embeddable":true,"href":"https:\/\/www.amparocalandinpsicologos.es\/tienda\/wp-json\/wp\/v2\/product_cat?post=9387"},{"taxonomy":"product_tag","embeddable":true,"href":"https:\/\/www.amparocalandinpsicologos.es\/tienda\/wp-json\/wp\/v2\/product_tag?post=9387"}],"curies":[{"name":"wp","href":"https:\/\/api.w.org\/{rel}","templated":true}]}}